{"id":3217,"date":"2022-05-24T10:09:45","date_gmt":"2022-05-24T08:09:45","guid":{"rendered":"https:\/\/www.coudoulets.com\/camping-ecologie-pradons\/"},"modified":"2023-06-22T11:39:25","modified_gmt":"2023-06-22T09:39:25","slug":"kamperen-ecologische-pradons","status":"publish","type":"page","link":"https:\/\/www.coudoulets.com\/nl\/kamperen-ecologische-pradons\/","title":{"rendered":"Qualit\u00e9 et environnement"},"content":{"rendered":"\n<h1 class=\"ls__heading wp-block-heading has-text-align-center\">Kamperen met labels &#8220;Camping Qualit\u00e9&#8221; in de Ard\u00e8che<\/h1>\n\n\n<section id=\"ls-section-block_ad5fac8c37278df8687bc29410f30d55\" class=\"ls-section  home-first page-one\" >\r\n        <div class=\"container container--wide\">\r\n        \n\n<div class=\"wp-block-columns are-vertically-aligned-center is-layout-flex wp-container-core-columns-is-layout-9d6595d7 wp-block-columns-is-layout-flex\">\n<div class=\"wp-block-column is-vertically-aligned-center temoignages-haut animated fadeInLeft slow is-layout-flow wp-block-column-is-layout-flow\" style=\"flex-basis:50%\"><div class=\"wp-block-image\">\n<figure class=\"aligncenter size-full\"><img loading=\"lazy\" decoding=\"async\" width=\"512\" height=\"512\" src=\"https:\/\/www.coudoulets.com\/wp-content\/uploads\/2022\/05\/sea.png\" alt=\"Illustration rivi\u00e8re Ard\u00e8che Camping les Coudoulets\" class=\"wp-image-446\" srcset=\"https:\/\/www.coudoulets.com\/wp-content\/uploads\/2022\/05\/sea.png 512w, https:\/\/www.coudoulets.com\/wp-content\/uploads\/2022\/05\/sea-300x300.png 300w, https:\/\/www.coudoulets.com\/wp-content\/uploads\/2022\/05\/sea-150x150.png 150w\" sizes=\"auto, (max-width: 512px) 100vw, 512px\" \/><\/figure>\n<\/div>\n\n\n<h2 class=\"ls__heading wp-block-heading\"><strong>5 belangrijke kwaliteitscriteria<\/strong><\/h2>\n\n\n\n<p class=\"ls-paragraph\"><a href=\"\/nl\/\">Camping Les Coudoulets<\/a> heeft sinds 2008 het label &#8220;Camping Qualit\u00e9&#8221;.<\/p>\n\n\n\n<p class=\"ls-paragraph\">Als lid van het charter &#8220;Camping Qualit\u00e9&#8221; zijn wij begaan met de kwaliteit van uw verblijf en uw omgeving.<\/p>\n\n\n\n<p class=\"ls-paragraph\">De kwaliteit wordt uitgedrukt aan de hand van 5 criteria:<\/p>\n\n\n\n<ul class=\"ls-list wp-block-list\"><li>Een <strong>warm welkom<\/strong>, om u een aangenaam en vriendelijk verblijf te bezorgen.<\/li><li><strong>Netheid in alle<\/strong> delen van de camping.<\/li><li>Accurate en waarheidsgetrouwe informatie. Wij streven ernaar u <strong>volledige <\/strong>en <strong>gedetailleerde <\/strong>informatie te verstrekken over onze vestiging, diensten, activiteiten en tarieven.<\/li><li>Wij streven ernaar om u een nette priv\u00e9locatie te bieden en garanderen de grootst mogelijke rust op het terrein.<\/li><li>Wij zetten ons in voor een <strong>gewaardeerde <\/strong>en <strong>gerespecteerde <\/strong>omgeving.<\/li><\/ul>\n\n\n\n<p class=\"ls-paragraph\">Landschapsarchitectuur en energiebesparing zijn een van onze prioriteiten.<br>Wij heten u welkom in de zuidelijke Ard\u00e8che in een bevoorrechte omgeving, waar het milieu een belangrijke rol speelt.<\/p>\n\n\n\n<p class=\"ls-paragraph\">Elk jaar proberen we het ook bij jullie beter te doen, de natuur zal ons dankbaar zijn!<\/p>\n<\/div>\n\n\n\n<div class=\"wp-block-column is-vertically-aligned-center has-color-4-background-color has-background is-layout-flow wp-block-column-is-layout-flow\" style=\"flex-basis:50%\">\n<figure class=\"wp-block-gallery has-nested-images columns-2 is-cropped wp-block-gallery-1 is-layout-flex wp-block-gallery-is-layout-flex\">\n<figure class=\"wp-block-image size-full animated fadeInDown slow\"><a href=\"https:\/\/www.coudoulets.com\/wp-content\/uploads\/2022\/08\/camping-ecologique-ruoms.jpg\"><img loading=\"lazy\" decoding=\"async\" width=\"900\" height=\"575\" data-id=\"1059\" src=\"https:\/\/www.coudoulets.com\/wp-content\/uploads\/2022\/08\/camping-ecologique-ruoms.jpg\" alt=\"camping \u00e9cologique ruoms\" class=\"wp-image-1059\" srcset=\"https:\/\/www.coudoulets.com\/wp-content\/uploads\/2022\/08\/camping-ecologique-ruoms.jpg 900w, https:\/\/www.coudoulets.com\/wp-content\/uploads\/2022\/08\/camping-ecologique-ruoms-300x192.jpg 300w, https:\/\/www.coudoulets.com\/wp-content\/uploads\/2022\/08\/camping-ecologique-ruoms-768x491.jpg 768w\" sizes=\"auto, (max-width: 900px) 100vw, 900px\" \/><\/a><\/figure>\n\n\n\n<figure class=\"wp-block-image size-full animated fadeInRight slow delay-100ms\"><a href=\"https:\/\/www.coudoulets.com\/wp-content\/uploads\/2022\/08\/camping-ecologique-pradons.jpg\"><img loading=\"lazy\" decoding=\"async\" width=\"900\" height=\"575\" data-id=\"1071\" src=\"https:\/\/www.coudoulets.com\/wp-content\/uploads\/2022\/08\/camping-ecologique-pradons.jpg\" alt=\"camping \u00e9cologique pradons\" class=\"wp-image-1071\" srcset=\"https:\/\/www.coudoulets.com\/wp-content\/uploads\/2022\/08\/camping-ecologique-pradons.jpg 900w, https:\/\/www.coudoulets.com\/wp-content\/uploads\/2022\/08\/camping-ecologique-pradons-300x192.jpg 300w, https:\/\/www.coudoulets.com\/wp-content\/uploads\/2022\/08\/camping-ecologique-pradons-768x491.jpg 768w\" sizes=\"auto, (max-width: 900px) 100vw, 900px\" \/><\/a><\/figure>\n\n\n\n<figure class=\"wp-block-image size-full animated fadeInUp slow delay-200ms\"><a href=\"https:\/\/www.coudoulets.com\/wp-content\/uploads\/2022\/08\/camping-ecologique-vallon-pont-darc.jpg\"><img loading=\"lazy\" decoding=\"async\" width=\"900\" height=\"574\" data-id=\"1063\" src=\"https:\/\/www.coudoulets.com\/wp-content\/uploads\/2022\/08\/camping-ecologique-vallon-pont-darc.jpg\" alt=\"camping \u00e9cologique vallon pont d'arc\" class=\"wp-image-1063\" srcset=\"https:\/\/www.coudoulets.com\/wp-content\/uploads\/2022\/08\/camping-ecologique-vallon-pont-darc.jpg 900w, https:\/\/www.coudoulets.com\/wp-content\/uploads\/2022\/08\/camping-ecologique-vallon-pont-darc-300x191.jpg 300w, https:\/\/www.coudoulets.com\/wp-content\/uploads\/2022\/08\/camping-ecologique-vallon-pont-darc-768x490.jpg 768w\" sizes=\"auto, (max-width: 900px) 100vw, 900px\" \/><\/a><\/figure>\n<\/figure>\n<\/div>\n<\/div>\n\n\r\n    <\/div>\r\n<\/section>\n\n<section id=\"ls-section-block_c08dd0d1efa7f279894695ffbde0dc3d\" class=\"ls-section  home-third fade-background page-two has-background-image\" >\r\n    <div class=\"ls-section__background-image opacity-100\"><img decoding=\"async\" src=\"https:\/\/www.coudoulets.com\/wp-content\/uploads\/2022\/08\/camping-ecologique-ardeche.jpg\" alt=\"camping \u00e9cologique ard\u00e8che\"><\/div>    <div class=\"container container--wide\">\r\n        \n\n<div class=\"wp-block-columns is-layout-flex wp-container-core-columns-is-layout-9d6595d7 wp-block-columns-is-layout-flex\">\n<div class=\"wp-block-column is-layout-flow wp-block-column-is-layout-flow\" style=\"flex-basis:40%\"><\/div>\n\n\n\n<div class=\"wp-block-column is-vertically-aligned-center animated fadeInRight slow is-layout-flow wp-block-column-is-layout-flow\" style=\"flex-basis:60%\">\n<div class=\"wp-block-columns are-vertically-aligned-center is-layout-flex wp-container-core-columns-is-layout-9d6595d7 wp-block-columns-is-layout-flex\">\n<div class=\"wp-block-column is-vertically-aligned-center is-layout-flow wp-block-column-is-layout-flow\" style=\"flex-basis:150px\"><\/div>\n\n\n\n<div class=\"wp-block-column is-vertically-aligned-center is-layout-flow wp-block-column-is-layout-flow\">\n<h2 class=\"ls__heading wp-block-heading\"><strong>Het label &#8220;Green Key&#8221;: onze ecologische acties<\/strong><\/h2>\n\n\n\n<p class=\"ls-paragraph\">Camping Les Coudoulets heeft sinds 2006 het label &#8220;Green Key&#8221;. Hier volgen enkele voorbeelden van onze <strong>milieuaanpak<\/strong>:<\/p>\n\n\n\n<ul class=\"ls-list ls-list-undefined has-color-white-color has-text-color wp-block-list\">\n<li>Het water in de sanitaire voorzieningen wordt verwarmd door <strong>zonne-energie<\/strong>.<\/li>\n\n\n\n<li>Het zwembadwater wordt verwarmd door een <strong>warmtepomp<\/strong>.<\/li>\n\n\n\n<li>We reizen rond met <strong>elektrische auto&#8217;s<\/strong>.<\/li>\n\n\n\n<li>We planten elk jaar veel lokale bomen en struiken.<\/li>\n\n\n\n<li>Er wordt een selectieve sortering (papier, glas, verpakkingen, batterijen, afgewerkte olie) georganiseerd.<\/li>\n\n\n\n<li>Het sanitair heeft <strong>thermostaatkranen<\/strong>.<\/li>\n\n\n\n<li>We vragen uw hulp met borden om verspilling van water en elektriciteit te voorkomen.<\/li>\n\n\n\n<li>Een <strong>ondergrondse <\/strong>tank vangt het regenwater van de daken van de bar en de receptie op voor het besproeien van de plantages.<\/li>\n<\/ul>\n\n\n\n<p class=\"ls-paragraph\">Na het snoeien gebruiken we een takkenversnipperaar. Het versnipperde materiaal wordt vervolgens gebruikt als mulch voor de plantages en als compost.<\/p>\n<\/div>\n<\/div>\n<\/div>\n<\/div>\n\n\r\n    <\/div>\r\n<\/section>\n\n<section id=\"ls-section-block_cab0bb2ecf32604c0e9c51f1b94efd6b\" class=\"ls-section  home-fourth cta-interne\" >\r\n        <div class=\"container container--wide\">\r\n        \n\n<div class=\"wp-block-columns is-layout-flex wp-container-core-columns-is-layout-9d6595d7 wp-block-columns-is-layout-flex\">\n<div class=\"wp-block-column is-layout-flow wp-block-column-is-layout-flow\">\n<div id=\"ls-heading ls-titre-div-block_ee53599399dd99cbdaa789e6f1eb9521\" class=\"ls-titre-div aligncenter h2-like\" >\n    De <strong>diensten<\/strong>, de <strong>restaurant<\/strong> en de <strong>activiteiten<\/strong><\/div>\n\n\n<div id=\"ls-maillage-block_244e5d3cadac1817b5dd495b42a47122\" class=\"ls-maillage cta-style-normal\" data-rows=\"3\">\r\n    <div class=\"wp-block-columns\"><div class=\"wp-block-column\"><div class=\"ls-cta\">\n\n<a href=\"https:\/\/www.coudoulets.com\/nl\/kamperen-activiteiten-pradons\/\" target=\"\" rel=\"noopener\" class=\"ls-cta__link\">\n\n\t<div class=\"ls-cta__image\"><img decoding=\"async\" src=\"https:\/\/www.coudoulets.com\/wp-content\/uploads\/2022\/07\/activites-sportives-camping-ardeche-768x492.jpg\" alt=\"activit\u00e9s sportives camping ard\u00e8che\"><\/div>\n\t<div class=\"ls-cta__title\">\n\t\tActiviteiten\t<\/div>\n\n\t\n<\/a><\/div><\/div><div class=\"wp-block-column\"><div class=\"ls-cta\">\n\n<a href=\"https:\/\/www.coudoulets.com\/nl\/kamperen-zwembad-pradons\/\" target=\"\" rel=\"noopener\" class=\"ls-cta__link\">\n\n\t<div class=\"ls-cta__image\"><img decoding=\"async\" src=\"https:\/\/www.coudoulets.com\/wp-content\/uploads\/2022\/10\/coudoulets-piscine-768x576.jpg\" alt=\"piscine coudoulets\"><\/div>\n\t<div class=\"ls-cta__title\">\n\t\tAquatisch gebied\t<\/div>\n\n\t\n<\/a><\/div><\/div><div class=\"wp-block-column\"><div class=\"ls-cta\">\n\n<a href=\"https:\/\/www.coudoulets.com\/nl\/kamperen-restauratie-pradons\/\" target=\"\" rel=\"noopener\" class=\"ls-cta__link\">\n\n\t<div class=\"ls-cta__image\"><img decoding=\"async\" src=\"https:\/\/www.coudoulets.com\/wp-content\/uploads\/2022\/07\/restaurants-camping-ruoms-768x491.jpg\" alt=\"restaurants camping ruoms\"><\/div>\n\t<div class=\"ls-cta__title\">\n\t\tRestauratie\t<\/div>\n\n\t\n<\/a><\/div><\/div><\/div><\/div><\/div>\n<\/div>\n\n\r\n    <\/div>\r\n<\/section>","protected":false},"excerpt":{"rendered":"<p>Kamperen met labels &#8220;Camping Qualit\u00e9&#8221; in de Ard\u00e8che<\/p>\n","protected":false},"author":1,"featured_media":1111,"parent":0,"menu_order":0,"comment_status":"closed","ping_status":"closed","template":"","meta":{"_acf_changed":false,"footnotes":""},"sujet":[],"class_list":["post-3217","page","type-page","status-publish","has-post-thumbnail","hentry"],"acf":[],"yoast_head":"<!-- This site is optimized with the Yoast SEO plugin v25.3 - https:\/\/yoast.com\/wordpress\/plugins\/seo\/ -->\n<title>Kamperen Cl\u00e9 Verte Pradons | Kampeer \u00e9cologisch Ard\u00e8che<\/title>\n<meta name=\"robots\" content=\"index, follow, max-snippet:-1, max-image-preview:large, max-video-preview:-1\" \/>\n<link rel=\"canonical\" href=\"https:\/\/www.coudoulets.com\/nl\/kamperen-ecologische-pradons\/\" \/>\n<meta property=\"og:locale\" content=\"nl_NL\" \/>\n<meta property=\"og:type\" content=\"article\" \/>\n<meta property=\"og:title\" content=\"Kamperen Cl\u00e9 Verte Pradons | Kampeer \u00e9cologisch Ard\u00e8che\" \/>\n<meta property=\"og:description\" content=\"Kamperen met labels &#8220;Camping Qualit\u00e9&#8221; in de Ard\u00e8che\" \/>\n<meta property=\"og:url\" content=\"https:\/\/www.coudoulets.com\/nl\/kamperen-ecologische-pradons\/\" \/>\n<meta property=\"og:site_name\" content=\"Les Coudoulets\" \/>\n<meta property=\"article:modified_time\" content=\"2023-06-22T09:39:25+00:00\" \/>\n<meta property=\"og:image\" content=\"https:\/\/www.coudoulets.com\/wp-content\/uploads\/2022\/08\/camping-ecolo-ardeche.jpg\" \/>\n\t<meta property=\"og:image:width\" content=\"1900\" \/>\n\t<meta property=\"og:image:height\" content=\"800\" \/>\n\t<meta property=\"og:image:type\" content=\"image\/jpeg\" \/>\n<meta name=\"twitter:card\" content=\"summary_large_image\" \/>\n<meta name=\"twitter:label1\" content=\"Geschatte leestijd\" \/>\n\t<meta name=\"twitter:data1\" content=\"3 minuten\" \/>\n<script type=\"application\/ld+json\" class=\"yoast-schema-graph\">{\"@context\":\"https:\/\/schema.org\",\"@graph\":[{\"@type\":\"WebPage\",\"@id\":\"https:\/\/www.coudoulets.com\/nl\/kamperen-ecologische-pradons\/\",\"url\":\"https:\/\/www.coudoulets.com\/nl\/kamperen-ecologische-pradons\/\",\"name\":\"Kamperen Cl\u00e9 Verte Pradons | Kampeer \u00e9cologisch Ard\u00e8che\",\"isPartOf\":{\"@id\":\"https:\/\/www.coudoulets.com\/#website\"},\"primaryImageOfPage\":{\"@id\":\"https:\/\/www.coudoulets.com\/nl\/kamperen-ecologische-pradons\/#primaryimage\"},\"image\":{\"@id\":\"https:\/\/www.coudoulets.com\/nl\/kamperen-ecologische-pradons\/#primaryimage\"},\"thumbnailUrl\":\"https:\/\/www.coudoulets.com\/wp-content\/uploads\/2022\/08\/camping-ecolo-ardeche.jpg\",\"datePublished\":\"2022-05-24T08:09:45+00:00\",\"dateModified\":\"2023-06-22T09:39:25+00:00\",\"breadcrumb\":{\"@id\":\"https:\/\/www.coudoulets.com\/nl\/kamperen-ecologische-pradons\/#breadcrumb\"},\"inLanguage\":\"nl-NL\",\"potentialAction\":[{\"@type\":\"ReadAction\",\"target\":[\"https:\/\/www.coudoulets.com\/nl\/kamperen-ecologische-pradons\/\"]}]},{\"@type\":\"ImageObject\",\"inLanguage\":\"nl-NL\",\"@id\":\"https:\/\/www.coudoulets.com\/nl\/kamperen-ecologische-pradons\/#primaryimage\",\"url\":\"https:\/\/www.coudoulets.com\/wp-content\/uploads\/2022\/08\/camping-ecolo-ardeche.jpg\",\"contentUrl\":\"https:\/\/www.coudoulets.com\/wp-content\/uploads\/2022\/08\/camping-ecolo-ardeche.jpg\",\"width\":1900,\"height\":800,\"caption\":\"camping \u00e9colo ard\u00e8che\"},{\"@type\":\"BreadcrumbList\",\"@id\":\"https:\/\/www.coudoulets.com\/nl\/kamperen-ecologische-pradons\/#breadcrumb\",\"itemListElement\":[{\"@type\":\"ListItem\",\"position\":1,\"name\":\"Camping Ard\u00e8che\",\"item\":\"https:\/\/www.coudoulets.com\/nl\/\"},{\"@type\":\"ListItem\",\"position\":2,\"name\":\"Ecologisch kamperen in de Ard\u00e8che\"}]},{\"@type\":\"WebSite\",\"@id\":\"https:\/\/www.coudoulets.com\/#website\",\"url\":\"https:\/\/www.coudoulets.com\/\",\"name\":\"Les Coudoulets\",\"description\":\"\",\"publisher\":{\"@id\":\"https:\/\/www.coudoulets.com\/#organization\"},\"potentialAction\":[{\"@type\":\"SearchAction\",\"target\":{\"@type\":\"EntryPoint\",\"urlTemplate\":\"https:\/\/www.coudoulets.com\/?s={search_term_string}\"},\"query-input\":{\"@type\":\"PropertyValueSpecification\",\"valueRequired\":true,\"valueName\":\"search_term_string\"}}],\"inLanguage\":\"nl-NL\"},{\"@type\":\"Organization\",\"@id\":\"https:\/\/www.coudoulets.com\/#organization\",\"name\":\"Camping Les Coudoulets\",\"url\":\"https:\/\/www.coudoulets.com\/\",\"logo\":{\"@type\":\"ImageObject\",\"inLanguage\":\"nl-NL\",\"@id\":\"https:\/\/www.coudoulets.com\/#\/schema\/logo\/image\/\",\"url\":\"https:\/\/www.coudoulets.com\/wp-content\/uploads\/2022\/05\/cropped-favicon-camping-les-coudoulets.png\",\"contentUrl\":\"https:\/\/www.coudoulets.com\/wp-content\/uploads\/2022\/05\/cropped-favicon-camping-les-coudoulets.png\",\"width\":512,\"height\":512,\"caption\":\"Camping Les Coudoulets\"},\"image\":{\"@id\":\"https:\/\/www.coudoulets.com\/#\/schema\/logo\/image\/\"}}]}<\/script>\n<!-- \/ Yoast SEO plugin. -->","yoast_head_json":{"title":"Kamperen Cl\u00e9 Verte Pradons | Kampeer \u00e9cologisch Ard\u00e8che","robots":{"index":"index","follow":"follow","max-snippet":"max-snippet:-1","max-image-preview":"max-image-preview:large","max-video-preview":"max-video-preview:-1"},"canonical":"https:\/\/www.coudoulets.com\/nl\/kamperen-ecologische-pradons\/","og_locale":"nl_NL","og_type":"article","og_title":"Kamperen Cl\u00e9 Verte Pradons | Kampeer \u00e9cologisch Ard\u00e8che","og_description":"Kamperen met labels &#8220;Camping Qualit\u00e9&#8221; in de Ard\u00e8che","og_url":"https:\/\/www.coudoulets.com\/nl\/kamperen-ecologische-pradons\/","og_site_name":"Les Coudoulets","article_modified_time":"2023-06-22T09:39:25+00:00","og_image":[{"width":1900,"height":800,"url":"https:\/\/www.coudoulets.com\/wp-content\/uploads\/2022\/08\/camping-ecolo-ardeche.jpg","type":"image\/jpeg"}],"twitter_card":"summary_large_image","twitter_misc":{"Geschatte leestijd":"3 minuten"},"schema":{"@context":"https:\/\/schema.org","@graph":[{"@type":"WebPage","@id":"https:\/\/www.coudoulets.com\/nl\/kamperen-ecologische-pradons\/","url":"https:\/\/www.coudoulets.com\/nl\/kamperen-ecologische-pradons\/","name":"Kamperen Cl\u00e9 Verte Pradons | Kampeer \u00e9cologisch Ard\u00e8che","isPartOf":{"@id":"https:\/\/www.coudoulets.com\/#website"},"primaryImageOfPage":{"@id":"https:\/\/www.coudoulets.com\/nl\/kamperen-ecologische-pradons\/#primaryimage"},"image":{"@id":"https:\/\/www.coudoulets.com\/nl\/kamperen-ecologische-pradons\/#primaryimage"},"thumbnailUrl":"https:\/\/www.coudoulets.com\/wp-content\/uploads\/2022\/08\/camping-ecolo-ardeche.jpg","datePublished":"2022-05-24T08:09:45+00:00","dateModified":"2023-06-22T09:39:25+00:00","breadcrumb":{"@id":"https:\/\/www.coudoulets.com\/nl\/kamperen-ecologische-pradons\/#breadcrumb"},"inLanguage":"nl-NL","potentialAction":[{"@type":"ReadAction","target":["https:\/\/www.coudoulets.com\/nl\/kamperen-ecologische-pradons\/"]}]},{"@type":"ImageObject","inLanguage":"nl-NL","@id":"https:\/\/www.coudoulets.com\/nl\/kamperen-ecologische-pradons\/#primaryimage","url":"https:\/\/www.coudoulets.com\/wp-content\/uploads\/2022\/08\/camping-ecolo-ardeche.jpg","contentUrl":"https:\/\/www.coudoulets.com\/wp-content\/uploads\/2022\/08\/camping-ecolo-ardeche.jpg","width":1900,"height":800,"caption":"camping \u00e9colo ard\u00e8che"},{"@type":"BreadcrumbList","@id":"https:\/\/www.coudoulets.com\/nl\/kamperen-ecologische-pradons\/#breadcrumb","itemListElement":[{"@type":"ListItem","position":1,"name":"Camping Ard\u00e8che","item":"https:\/\/www.coudoulets.com\/nl\/"},{"@type":"ListItem","position":2,"name":"Ecologisch kamperen in de Ard\u00e8che"}]},{"@type":"WebSite","@id":"https:\/\/www.coudoulets.com\/#website","url":"https:\/\/www.coudoulets.com\/","name":"Les Coudoulets","description":"","publisher":{"@id":"https:\/\/www.coudoulets.com\/#organization"},"potentialAction":[{"@type":"SearchAction","target":{"@type":"EntryPoint","urlTemplate":"https:\/\/www.coudoulets.com\/?s={search_term_string}"},"query-input":{"@type":"PropertyValueSpecification","valueRequired":true,"valueName":"search_term_string"}}],"inLanguage":"nl-NL"},{"@type":"Organization","@id":"https:\/\/www.coudoulets.com\/#organization","name":"Camping Les Coudoulets","url":"https:\/\/www.coudoulets.com\/","logo":{"@type":"ImageObject","inLanguage":"nl-NL","@id":"https:\/\/www.coudoulets.com\/#\/schema\/logo\/image\/","url":"https:\/\/www.coudoulets.com\/wp-content\/uploads\/2022\/05\/cropped-favicon-camping-les-coudoulets.png","contentUrl":"https:\/\/www.coudoulets.com\/wp-content\/uploads\/2022\/05\/cropped-favicon-camping-les-coudoulets.png","width":512,"height":512,"caption":"Camping Les Coudoulets"},"image":{"@id":"https:\/\/www.coudoulets.com\/#\/schema\/logo\/image\/"}}]}},"_links":{"self":[{"href":"https:\/\/www.coudoulets.com\/nl\/wp-json\/wp\/v2\/pages\/3217","targetHints":{"allow":["GET"]}}],"collection":[{"href":"https:\/\/www.coudoulets.com\/nl\/wp-json\/wp\/v2\/pages"}],"about":[{"href":"https:\/\/www.coudoulets.com\/nl\/wp-json\/wp\/v2\/types\/page"}],"author":[{"embeddable":true,"href":"https:\/\/www.coudoulets.com\/nl\/wp-json\/wp\/v2\/users\/1"}],"replies":[{"embeddable":true,"href":"https:\/\/www.coudoulets.com\/nl\/wp-json\/wp\/v2\/comments?post=3217"}],"version-history":[{"count":7,"href":"https:\/\/www.coudoulets.com\/nl\/wp-json\/wp\/v2\/pages\/3217\/revisions"}],"predecessor-version":[{"id":5305,"href":"https:\/\/www.coudoulets.com\/nl\/wp-json\/wp\/v2\/pages\/3217\/revisions\/5305"}],"wp:featuredmedia":[{"embeddable":true,"href":"https:\/\/www.coudoulets.com\/nl\/wp-json\/wp\/v2\/media\/1111"}],"wp:attachment":[{"href":"https:\/\/www.coudoulets.com\/nl\/wp-json\/wp\/v2\/media?parent=3217"}],"wp:term":[{"taxonomy":"sujet","embeddable":true,"href":"https:\/\/www.coudoulets.com\/nl\/wp-json\/wp\/v2\/sujet?post=3217"}],"curies":[{"name":"wp","href":"https:\/\/api.w.org\/{rel}","templated":true}]}}